{"id":319,"date":"2013-04-11T15:56:26","date_gmt":"2013-04-11T13:56:26","guid":{"rendered":"http:\/\/www.labellanotte.it\/wordpress\/?page_id=319"},"modified":"2020-03-19T21:12:12","modified_gmt":"2020-03-19T20:12:12","slug":"cabernet-franc","status":"publish","type":"page","link":"http:\/\/www.labellanotte.it\/wordpress\/vini\/cabernet-franc","title":{"rendered":"CABERNET FRANC"},"content":{"rendered":"<p><a href=\"http:\/\/www.labellanotte.it\/wordpress\/wp-content\/uploads\/2018\/03\/DSCN2124.jpg\"><img decoding=\"async\" loading=\"lazy\" class=\"alignleft wp-image-12062 size-large\" src=\"http:\/\/www.labellanotte.it\/wordpress\/wp-content\/uploads\/2018\/03\/DSCN2124-1024x768.jpg\" alt=\"\" width=\"1024\" height=\"768\" srcset=\"http:\/\/www.labellanotte.it\/wordpress\/wp-content\/uploads\/2018\/03\/DSCN2124-1024x768.jpg 1024w, http:\/\/www.labellanotte.it\/wordpress\/wp-content\/uploads\/2018\/03\/DSCN2124-300x225.jpg 300w, http:\/\/www.labellanotte.it\/wordpress\/wp-content\/uploads\/2018\/03\/DSCN2124-768x576.jpg 768w, http:\/\/www.labellanotte.it\/wordpress\/wp-content\/uploads\/2018\/03\/DSCN2124-800x600.jpg 800w, http:\/\/www.labellanotte.it\/wordpress\/wp-content\/uploads\/2018\/03\/DSCN2124.jpg 1801w\" sizes=\"(max-width: 1024px) 100vw, 1024px\" \/><\/a><\/p>\n<p><em>Cabernet Franc<\/em><br \/>\n<a href=\"http:\/\/www.labellanotte.it\/wordpress\/wp-content\/uploads\/2020\/03\/cabernet-f.jpg\"><img decoding=\"async\" loading=\"lazy\" class=\"alignleft wp-image-12166 size-large\" src=\"http:\/\/www.labellanotte.it\/wordpress\/wp-content\/uploads\/2020\/03\/cabernet-f-413x1024.jpg\" alt=\"\" width=\"413\" height=\"1024\" srcset=\"http:\/\/www.labellanotte.it\/wordpress\/wp-content\/uploads\/2020\/03\/cabernet-f-413x1024.jpg 413w, http:\/\/www.labellanotte.it\/wordpress\/wp-content\/uploads\/2020\/03\/cabernet-f-121x300.jpg 121w, http:\/\/www.labellanotte.it\/wordpress\/wp-content\/uploads\/2020\/03\/cabernet-f-768x1905.jpg 768w, http:\/\/www.labellanotte.it\/wordpress\/wp-content\/uploads\/2020\/03\/cabernet-f-619x1536.jpg 619w, http:\/\/www.labellanotte.it\/wordpress\/wp-content\/uploads\/2020\/03\/cabernet-f-826x2048.jpg 826w, http:\/\/www.labellanotte.it\/wordpress\/wp-content\/uploads\/2020\/03\/cabernet-f.jpg 1010w\" sizes=\"(max-width: 413px) 100vw, 413px\" \/><\/a><br \/>\n<strong>Qualifica:<\/strong> DOC FRIULI<br \/>\n<strong>Zona di produzione:<\/strong> Friuli Venezia Giulia<br \/>\n<strong>Clima:<\/strong> Caratterizzato da forti escursioni termiche tra giorno e notte<br \/>\n<strong>Terreno:<\/strong> Calcareo con presenza di ghiaie<br \/>\n<strong>Altitudine:<\/strong> 50 m s.l.m.<br \/>\n<strong>Vitigni:<\/strong> Cabernet Franc<br \/>\n<strong>Resa di produzione:<\/strong> 80 q.li\/ha<br \/>\n<strong>Et\u00e0 media delle viti:<\/strong> 40 anni<br \/>\n<strong>Tecnica di vinificazione:<\/strong> Lunga macerazione e ferm. termoregolata<br \/>\n<strong>Invecchiamento:<\/strong> In acciaio per 10-12 mesi<br \/>\n<strong>Affinamento:<\/strong> In bottiglia per 12 mesi<br \/>\n<strong>Colore:<\/strong> Colore rubino a tratti ancora purpureo, cristallino<br \/>\n<strong>Olfatto:<\/strong> Complesso, note fruttate e lascia sul finale l&#8217;accenno di rabarbaro<br \/>\n<strong>Sapore:<\/strong> Al palato si presenta equilibrato e notevolmente lungo<br \/>\n<strong>Gradazione alcolica:<\/strong> 13% vol.<br \/>\n<strong>Temperatura di servizio:<\/strong> 16 \u00b0C<br \/>\n<strong>Conservazione:<\/strong> Bottiglia coricata in ambiente a temp. costante 16-18 \u00b0C<br \/>\n<strong>Abbinamento:<\/strong> Abbinato a risotto alla pasta di maiale fresca, ravioli d&#8217;anatra, magretti d&#8217;anatra grigliati, filetto al pepe verde.<\/p>\n<p>Ha colore rubino a tratti ancora purpureo, cristallino, di degna concentrazione e di buona consistenza nel calice. Evidente e riconoscibile il vitigno gi\u00e0 al primo impatto, dove da un sottofondo erbaceo che ricorda a tratti la melagrana, emergono frutti di bosco a bacca Rossa e nera quali ribes e more, affiancati da accenni minerali e note di rabarbaro. Al gusto si conferma di buona struttura in elegante ed agile corpo, i tannini sono di buona fattura, non invadenti, esaltati ed al tempo stesso smussati da dosate acidit\u00e0 e morbidezza. Lunga la persistenza gusto olfattiva che ricalca le note fruttate e lascia sul finale l&#8217;accenno di rabarbaro. Finissima e costante la qualit\u00e0 durante l\u2019intera degustazione. Di grande personalit\u00e0 e purezza, forse anche per il fatto di non toccare legno in alcuna delle fasi di fermentazione o maturazione che avvengono esclusivamente in acciaio inox e nel vetro della bottiglia, \u00e8 gi\u00e0 godibile bench\u00e9 giovane, e non ci stupirebbe scoprirlo ancora pi\u00f9 buono tra quattro o cinque anni.<\/p>\n<p><strong><a href=\"http:\/\/www.labellanotte.it\/AggSchede\/Cabernet%20Franc.pdf\" target=\"_blank\" rel=\"noopener noreferrer\">PDF CABERNET FRANC<\/a> \/ <a href=\"http:\/\/www.labellanotte.it\/AggSchede\/depliant_finale2017%20ultimo.pdf\">PDF SCHEDE VINI<\/a><\/strong><!--:--><\/p>\n","protected":false},"excerpt":{"rendered":"<p>Cabernet Franc Qualifica: DOC FRIULI Zona di produzione: Friuli Venezia Giulia Clima: Caratterizzato da forti escursioni termiche tra giorno e notte Terreno: Calcareo con presenza di ghiaie Altitudine: 50 m s.l.m. Vitigni: Cabernet Franc Resa di produzione: 80 q.li\/ha Et\u00e0 media delle viti: 40 anni [&hellip;]<\/p>\n","protected":false},"author":1,"featured_media":0,"parent":127,"menu_order":0,"comment_status":"open","ping_status":"closed","template":"","meta":[],"_links":{"self":[{"href":"http:\/\/www.labellanotte.it\/wordpress\/wp-json\/wp\/v2\/pages\/319"}],"collection":[{"href":"http:\/\/www.labellanotte.it\/wordpress\/wp-json\/wp\/v2\/pages"}],"about":[{"href":"http:\/\/www.labellanotte.it\/wordpress\/wp-json\/wp\/v2\/types\/page"}],"author":[{"embeddable":true,"href":"http:\/\/www.labellanotte.it\/wordpress\/wp-json\/wp\/v2\/users\/1"}],"replies":[{"embeddable":true,"href":"http:\/\/www.labellanotte.it\/wordpress\/wp-json\/wp\/v2\/comments?post=319"}],"version-history":[{"count":12,"href":"http:\/\/www.labellanotte.it\/wordpress\/wp-json\/wp\/v2\/pages\/319\/revisions"}],"predecessor-version":[{"id":12218,"href":"http:\/\/www.labellanotte.it\/wordpress\/wp-json\/wp\/v2\/pages\/319\/revisions\/12218"}],"up":[{"embeddable":true,"href":"http:\/\/www.labellanotte.it\/wordpress\/wp-json\/wp\/v2\/pages\/127"}],"wp:attachment":[{"href":"http:\/\/www.labellanotte.it\/wordpress\/wp-json\/wp\/v2\/media?parent=319"}],"curies":[{"name":"wp","href":"https:\/\/api.w.org\/{rel}","templated":true}]}}